{"id":61,"date":"2020-01-23T10:00:20","date_gmt":"2020-01-23T09:00:20","guid":{"rendered":"http:\/\/www.car-avan.fr\/wordpress\/?page_id=61"},"modified":"2024-10-24T00:48:35","modified_gmt":"2024-10-23T22:48:35","slug":"zao","status":"publish","type":"page","link":"https:\/\/www.car-avan.fr\/?page_id=61","title":{"rendered":"VIVRE"},"content":{"rendered":"\r\n<ul class=\"wp-block-gallery aligncenter columns-1 is-cropped wp-block-gallery-1 is-layout-flex wp-block-gallery-is-layout-flex\">\r\n<li class=\"blocks-gallery-item\">\r\n<figure><img loading=\"lazy\" decoding=\"async\" class=\"wp-image-828\" src=\"https:\/\/www.car-avan.fr\/wordpress\/wp-content\/uploads\/2020\/03\/VIVRE-Cie-CarAvan-Site-1-724x1024.jpg\" alt=\"\" width=\"636\" height=\"899\" data-id=\"828\" srcset=\"https:\/\/www.car-avan.fr\/wordpress\/wp-content\/uploads\/2020\/03\/VIVRE-Cie-CarAvan-Site-1-724x1024.jpg 724w, https:\/\/www.car-avan.fr\/wordpress\/wp-content\/uploads\/2020\/03\/VIVRE-Cie-CarAvan-Site-1-212x300.jpg 212w, https:\/\/www.car-avan.fr\/wordpress\/wp-content\/uploads\/2020\/03\/VIVRE-Cie-CarAvan-Site-1-768x1087.jpg 768w\" sizes=\"(max-width: 636px) 100vw, 636px\" \/><\/figure>\r\n<\/li>\r\n<\/ul>\r\n\r\n\r\n\r\n<p style=\"text-align: center;\"><span style=\"color: #000080;\"><span style=\"font-family: Calibri, sans-serif;\"><span style=\"font-size: medium;\"><span style=\"color: #000000;\"><span style=\"font-family: Gadugi, sans-serif;\">D\u00e8s leur premier souffle, l&rsquo;homme et la femme explorent le charivari de la vie : ses sensations, ses beaut\u00e9s, ses lois organiques, son spectre des possibles, ses constructions&#8230; <\/span><\/span><\/span><\/span><\/span><\/p>\r\n\r\n\r\n\r\n<p style=\"text-align: center;\"><span style=\"color: #000080;\"><span style=\"font-family: Calibri, sans-serif;\"><span style=\"font-size: medium;\"><span style=\"color: #000000;\"><span style=\"font-family: Gadugi, sans-serif;\">Mus par l&rsquo;imp\u00e9ratif de satisfaire leurs besoins vitaux, ils <span lang=\"fr-FR\">usent de leurs cinq sens, engrangent exp\u00e9riences et explorent l\u2019alt\u00e9rit\u00e9 avec curiosit\u00e9 et jubilation. <\/span><\/span><\/span><\/span><\/span><\/span><\/p>\r\n\r\n\r\n\r\n<p style=\"text-align: center;\"><span style=\"color: #000000; font-family: Gadugi, sans-serif; font-size: medium;\">O\u00f9 cette longue marche les conduira-t-elle? Conscients de leur vuln\u00e9rabilit\u00e9, ils se construisent l&rsquo;un par-rapport \u00e0 l&rsquo;autre, l&rsquo;\u00e9quation de leur survie ne tenant -peut-\u00eatre- qu&rsquo;\u00e0 un seul facteur: leur amour pour assurer l&rsquo;avenir.<\/span><\/p>\r\n\r\n\r\n\r\n<p style=\"text-align: center;\"><span style=\"color: #000000;\"><span style=\"font-family: Gadugi, sans-serif;\"><span style=\"font-size: medium;\">Et aujourd&rsquo;hui\u00a0 ? Les contraintes communautaires ne nous ont-elles pas oblig\u00e9s \u00e0 nous conformer \u00e0 une repr\u00e9sentation convenue de nous-m\u00eames\u00a0 ? Les sentiments s&rsquo;en trouvent-ils de plus en plus normalis\u00e9s\u00a0? Ecoutons-nous encore nos sens? Est-ce un probl\u00e8me de vouloir \u00eatre \u00ab b\u00eatement \u00bb heureux?<\/span><\/span><\/span><\/p>\r\n\r\n\r\n\r\n<p style=\"text-align: center;\"><span style=\"font-family: Calibri, sans-serif;\"><span style=\"font-size: medium;\"><span style=\"color: #000000;\"><span style=\"font-family: Gadugi, sans-serif;\"><span lang=\"fr-FR\">Essentiellement visuelle et chor\u00e9graphique, la pi\u00e8ce s&rsquo;offre au public comme on partage l&rsquo;intime de chacun et d\u00e9voile cette part non-civilis\u00e9e, impr\u00e9visible, brute, belle et myst\u00e9rieuse de notre nature humaine&#8230; <\/span><\/span><\/span><\/span><\/span><\/p>\r\n\r\n\r\n\r\n<p style=\"text-align: center;\"><span style=\"font-family: Calibri, sans-serif;\"><span style=\"font-size: medium;\"><span style=\"color: #000000;\"><span style=\"font-family: Gadugi, sans-serif;\"><span lang=\"fr-FR\"><strong>\u00ab\u00a0Vivre\u00a0\u00bb est un jaillissement de la pulsion vitale, un geyser d&rsquo;\u00e9tonnements et de tendresse \u00e0 l&rsquo;adresse de la vie.<\/strong><\/span><\/span><\/span><\/span><\/span><\/p>\r\n\r\n\r\n\r\n<figure class=\"wp-block-image\"><img loading=\"lazy\" decoding=\"async\" class=\"wp-image-830\" src=\"https:\/\/www.car-avan.fr\/wordpress\/wp-content\/uploads\/2020\/03\/visuel-Vivre-CarAvan-1024x637.jpg\" alt=\"\" width=\"645\" height=\"401\" srcset=\"https:\/\/www.car-avan.fr\/wordpress\/wp-content\/uploads\/2020\/03\/visuel-Vivre-CarAvan-1024x637.jpg 1024w, https:\/\/www.car-avan.fr\/wordpress\/wp-content\/uploads\/2020\/03\/visuel-Vivre-CarAvan-300x186.jpg 300w, https:\/\/www.car-avan.fr\/wordpress\/wp-content\/uploads\/2020\/03\/visuel-Vivre-CarAvan-768x477.jpg 768w\" sizes=\"(max-width: 645px) 100vw, 645px\" \/><\/figure>\r\n\r\n\r\n\r\n<p align=\"LEFT\"><span style=\"color: #000000;\"><span style=\"font-family: MV Boli;\"><span style=\"font-size: x-large;\"><b>A PROPOS DE \u00ab VIVRE \u00bb<\/b><\/span><\/span><\/span><\/p>\r\n<p align=\"JUSTIFY\"><em><span style=\"color: #000000;\"><span style=\"font-family: Calibri, sans-serif;\"><span style=\"font-size: medium;\"> E<\/span><\/span><\/span><\/em><em><span style=\"color: #000000;\"><span style=\"font-family: Calibri, sans-serif;\"><span style=\"font-size: medium;\"><span lang=\"fr-FR\">xplorant le cheminement de la conscience humaine des origines \u00e0 aujourd&rsquo;hui, \u00ab\u00a0Vivre\u00a0\u00bb pose la question du sens de l&rsquo;existence, de la relation \u00e0 l&rsquo;autre et des sentiments. <\/span><\/span><\/span><\/span><\/em><span style=\"color: #000000;\"><span style=\"font-family: Calibri, sans-serif;\"><span style=\"font-size: medium;\"><span lang=\"fr-FR\">Les \u00e9motions, la relation \u00e0 l\u2019autre, les sentiments et l\u2019intelligence apparaissent comme les fils directeurs de la pi\u00e8ce.<\/span><\/span><\/span><\/span><\/p>\r\n<p align=\"JUSTIFY\"><em><span style=\"color: #000000;\"><span style=\"font-family: Calibri, sans-serif;\"><span style=\"font-size: medium;\"><span lang=\"fr-FR\">\u00ab\u00a0Vivre\u00a0\u00bb offre une visibilit\u00e9 charnelle \u00e0 son propos. Les corps en mouvement suffisent, par leur capacit\u00e9 d\u2019expression, \u00e0 g\u00e9n\u00e9rer de la beaut\u00e9 et des \u00e9motions ainsi qu&rsquo;\u00e0 rendre intelligible le sens de la pi\u00e8ce. Ainsi le texte devient-il des plus concis, n&rsquo;apparaissant que pour une raison d&rsquo;acc\u00e9l\u00e9ration temporelle, cr\u00e9ant un pont entre l&rsquo;\u00ab avant\u00bb et le \u00ab maintenant\u00bb et, sugg\u00e9rant par une suite de mots comme autant d&rsquo;images feuillet\u00e9es, les multiples \u00e9tapes franchies par l&rsquo;humanit\u00e9.<\/span><\/span><\/span><\/span><\/em><\/p>\r\n<p align=\"JUSTIFY\"><a href=\"https:\/\/www.car-avan.fr\/wordpress\/wp-content\/uploads\/2024\/10\/1.jpg\"><img loading=\"lazy\" decoding=\"async\" class=\"size-medium wp-image-1836 aligncenter\" src=\"https:\/\/www.car-avan.fr\/wordpress\/wp-content\/uploads\/2024\/10\/1-300x225.jpg\" alt=\"\" width=\"300\" height=\"225\" srcset=\"https:\/\/www.car-avan.fr\/wordpress\/wp-content\/uploads\/2024\/10\/1-300x225.jpg 300w, https:\/\/www.car-avan.fr\/wordpress\/wp-content\/uploads\/2024\/10\/1-1024x768.jpg 1024w, https:\/\/www.car-avan.fr\/wordpress\/wp-content\/uploads\/2024\/10\/1-768x576.jpg 768w, https:\/\/www.car-avan.fr\/wordpress\/wp-content\/uploads\/2024\/10\/1-1536x1152.jpg 1536w, https:\/\/www.car-avan.fr\/wordpress\/wp-content\/uploads\/2024\/10\/1.jpg 1600w\" sizes=\"(max-width: 300px) 100vw, 300px\" \/><\/a><\/p>\r\n<p align=\"JUSTIFY\"><em><span style=\"color: #000000;\"><span style=\"font-family: Calibri, sans-serif;\"><span style=\"font-size: medium;\"><span lang=\"fr-FR\"> C&rsquo;est <\/span><\/span><\/span><\/span><\/em><em><span style=\"color: #000000;\"><span style=\"font-family: Calibri, sans-serif;\"><span style=\"font-size: medium;\"><span lang=\"fr-FR\">\u00e0 l&rsquo;aube des temps<\/span><\/span><\/span><\/span><\/em><em><span style=\"color: #000000;\"><span style=\"font-family: Calibri, sans-serif;\"><span style=\"font-size: medium;\"><span lang=\"fr-FR\"> que le spectacle d\u00e9bute. Il \u00e9voque d&rsquo;abord ce temps o\u00f9 la vie n&rsquo;a pas conscience d&rsquo;elle-m\u00eame et o\u00f9 le lien avec l&rsquo;autre est d\u00fb au hasard des forces en pr\u00e9sence. <\/span><\/span><\/span><\/span><\/em><\/p>\r\n<p style=\"text-align: left;\" align=\"JUSTIFY\"><em><span style=\"color: #000000;\"><span style=\"font-family: Calibri, sans-serif;\"><span style=\"font-size: medium;\"><span lang=\"fr-FR\">Puis retrace ces temps successifs o\u00f9\u00a0:<a href=\"https:\/\/www.car-avan.fr\/wordpress\/wp-content\/uploads\/2024\/10\/IMG_0214-1-scaled.jpg\"><img loading=\"lazy\" decoding=\"async\" class=\" wp-image-1829 alignright\" src=\"https:\/\/www.car-avan.fr\/wordpress\/wp-content\/uploads\/2024\/10\/IMG_0214-1-300x225.jpg\" alt=\"\" width=\"239\" height=\"180\" srcset=\"https:\/\/www.car-avan.fr\/wordpress\/wp-content\/uploads\/2024\/10\/IMG_0214-1-300x225.jpg 300w, https:\/\/www.car-avan.fr\/wordpress\/wp-content\/uploads\/2024\/10\/IMG_0214-1-1024x768.jpg 1024w, https:\/\/www.car-avan.fr\/wordpress\/wp-content\/uploads\/2024\/10\/IMG_0214-1-768x576.jpg 768w, https:\/\/www.car-avan.fr\/wordpress\/wp-content\/uploads\/2024\/10\/IMG_0214-1-1536x1152.jpg 1536w, https:\/\/www.car-avan.fr\/wordpress\/wp-content\/uploads\/2024\/10\/IMG_0214-1-2048x1536.jpg 2048w\" sizes=\"(max-width: 239px) 100vw, 239px\" \/><\/a><\/span><\/span><\/span><\/span><\/em><\/p>\r\n<p align=\"JUSTIFY\"><em><span style=\"color: #000000;\"><span style=\"font-family: Calibri, sans-serif;\"><span style=\"font-size: medium;\"> &#8211; vivre s\u2019accompagne essentiellement d\u2019attitudes animales instinctives et r\u00e9p\u00e9t\u00e9es, n\u00e9cessit\u00e9es par les fonctions vitales,<\/span><\/span><\/span><\/em><\/p>\r\n<p align=\"JUSTIFY\"><em><span style=\"color: #000000;\"><span style=\"font-family: Calibri, sans-serif;\"><span style=\"font-size: medium;\"><span lang=\"fr-FR\"> &#8211; vivre induit la conscience de soi, de son individualit\u00e9 et de sa solitude fondamentale,<\/span><\/span><\/span><\/span><\/em><\/p>\r\n<p align=\"JUSTIFY\"><b> <\/b><em><span style=\"color: #000000;\"><span style=\"font-family: Calibri, sans-serif;\"><span style=\"font-size: medium;\"><span lang=\"fr-FR\">&#8211; vivre impose de s\u2019unir pour mieux se d\u00e9fendre contre les \u00e9l\u00e9ments hostiles.<\/span><\/span><\/span><\/span><\/em><\/p>\r\n<p align=\"JUSTIFY\"><a href=\"https:\/\/www.car-avan.fr\/wordpress\/wp-content\/uploads\/2024\/10\/IMG_0294-scaled.jpg\"><img loading=\"lazy\" decoding=\"async\" class=\"alignnone  wp-image-1831\" src=\"https:\/\/www.car-avan.fr\/wordpress\/wp-content\/uploads\/2024\/10\/IMG_0294-300x225.jpg\" alt=\"\" width=\"240\" height=\"180\" srcset=\"https:\/\/www.car-avan.fr\/wordpress\/wp-content\/uploads\/2024\/10\/IMG_0294-300x225.jpg 300w, https:\/\/www.car-avan.fr\/wordpress\/wp-content\/uploads\/2024\/10\/IMG_0294-1024x768.jpg 1024w, https:\/\/www.car-avan.fr\/wordpress\/wp-content\/uploads\/2024\/10\/IMG_0294-768x576.jpg 768w, https:\/\/www.car-avan.fr\/wordpress\/wp-content\/uploads\/2024\/10\/IMG_0294-1536x1152.jpg 1536w, https:\/\/www.car-avan.fr\/wordpress\/wp-content\/uploads\/2024\/10\/IMG_0294-2048x1536.jpg 2048w\" sizes=\"(max-width: 240px) 100vw, 240px\" \/><\/a> <a href=\"https:\/\/www.car-avan.fr\/wordpress\/wp-content\/uploads\/2024\/10\/IMG_0289-scaled.jpg\"><img loading=\"lazy\" decoding=\"async\" class=\" wp-image-1850 alignright\" src=\"https:\/\/www.car-avan.fr\/wordpress\/wp-content\/uploads\/2024\/10\/IMG_0289-225x300.jpg\" alt=\"\" width=\"183\" height=\"244\" srcset=\"https:\/\/www.car-avan.fr\/wordpress\/wp-content\/uploads\/2024\/10\/IMG_0289-225x300.jpg 225w, https:\/\/www.car-avan.fr\/wordpress\/wp-content\/uploads\/2024\/10\/IMG_0289-768x1024.jpg 768w, https:\/\/www.car-avan.fr\/wordpress\/wp-content\/uploads\/2024\/10\/IMG_0289-1152x1536.jpg 1152w, https:\/\/www.car-avan.fr\/wordpress\/wp-content\/uploads\/2024\/10\/IMG_0289-1536x2048.jpg 1536w, https:\/\/www.car-avan.fr\/wordpress\/wp-content\/uploads\/2024\/10\/IMG_0289-scaled.jpg 1920w\" sizes=\"(max-width: 183px) 100vw, 183px\" \/><\/a><\/p>\r\n<p align=\"JUSTIFY\"><em><span style=\"color: #000000;\"><span style=\"font-family: Calibri, sans-serif;\"><span style=\"font-size: medium;\"><span lang=\"fr-FR\"> L\u2019homme et la femme usent de leurs cinq sens pour d\u00e9couvrir leur environnement et s&rsquo;appr\u00e9hender mutuellement: ils se regardent, se respirent, se touchent, se go\u00fbtent, s&rsquo;\u00e9coutent. Autant de mani\u00e8res de d\u00e9velopper leur cerveau en engrangeant exp\u00e9riences et observations, d&rsquo;\u00e9tablir une communication et de construire ainsi une relation . <\/span><\/span><\/span><\/span><\/em><\/p>\r\n<p align=\"JUSTIFY\"><em><span style=\"color: #000000;\"><span style=\"font-family: Calibri, sans-serif;\"><span style=\"font-size: medium;\"><span lang=\"fr-FR\">On peut imaginer ce lien originel plus intense parce que d\u00e9gag\u00e9 de toute contingence, de r\u00e8gles sociales et de soumission \u00e0 une norme.<\/span><\/span><\/span><\/span><\/em><\/p>\r\n<p align=\"JUSTIFY\"><a href=\"https:\/\/www.car-avan.fr\/wordpress\/wp-content\/uploads\/2024\/10\/IMG_0381-scaled.jpg\"><img loading=\"lazy\" decoding=\"async\" class=\"alignnone  wp-image-1868\" src=\"https:\/\/www.car-avan.fr\/wordpress\/wp-content\/uploads\/2024\/10\/IMG_0381-300x225.jpg\" alt=\"\" width=\"266\" height=\"200\" srcset=\"https:\/\/www.car-avan.fr\/wordpress\/wp-content\/uploads\/2024\/10\/IMG_0381-300x225.jpg 300w, https:\/\/www.car-avan.fr\/wordpress\/wp-content\/uploads\/2024\/10\/IMG_0381-1024x768.jpg 1024w, https:\/\/www.car-avan.fr\/wordpress\/wp-content\/uploads\/2024\/10\/IMG_0381-768x576.jpg 768w, https:\/\/www.car-avan.fr\/wordpress\/wp-content\/uploads\/2024\/10\/IMG_0381-1536x1152.jpg 1536w, https:\/\/www.car-avan.fr\/wordpress\/wp-content\/uploads\/2024\/10\/IMG_0381-2048x1536.jpg 2048w\" sizes=\"(max-width: 266px) 100vw, 266px\" \/><\/a><a href=\"https:\/\/www.car-avan.fr\/wordpress\/wp-content\/uploads\/2024\/10\/IMG_0299-scaled.jpg\"><img loading=\"lazy\" decoding=\"async\" class=\"wp-image-1832 alignright\" src=\"https:\/\/www.car-avan.fr\/wordpress\/wp-content\/uploads\/2024\/10\/IMG_0299-300x225.jpg\" alt=\"\" width=\"261\" height=\"196\" srcset=\"https:\/\/www.car-avan.fr\/wordpress\/wp-content\/uploads\/2024\/10\/IMG_0299-300x225.jpg 300w, https:\/\/www.car-avan.fr\/wordpress\/wp-content\/uploads\/2024\/10\/IMG_0299-1024x768.jpg 1024w, https:\/\/www.car-avan.fr\/wordpress\/wp-content\/uploads\/2024\/10\/IMG_0299-768x576.jpg 768w, https:\/\/www.car-avan.fr\/wordpress\/wp-content\/uploads\/2024\/10\/IMG_0299-1536x1152.jpg 1536w, https:\/\/www.car-avan.fr\/wordpress\/wp-content\/uploads\/2024\/10\/IMG_0299-2048x1536.jpg 2048w\" sizes=\"(max-width: 261px) 100vw, 261px\" \/><\/a><\/p>\r\n<p align=\"JUSTIFY\"><a href=\"https:\/\/www.car-avan.fr\/wordpress\/wp-content\/uploads\/2024\/10\/IMG_0811.jpg\"><img loading=\"lazy\" decoding=\"async\" class=\"size-medium wp-image-1859 aligncenter\" src=\"https:\/\/www.car-avan.fr\/wordpress\/wp-content\/uploads\/2024\/10\/IMG_0811-300x225.jpg\" alt=\"\" width=\"300\" height=\"225\" srcset=\"https:\/\/www.car-avan.fr\/wordpress\/wp-content\/uploads\/2024\/10\/IMG_0811-300x225.jpg 300w, https:\/\/www.car-avan.fr\/wordpress\/wp-content\/uploads\/2024\/10\/IMG_0811-1024x768.jpg 1024w, https:\/\/www.car-avan.fr\/wordpress\/wp-content\/uploads\/2024\/10\/IMG_0811-768x576.jpg 768w, https:\/\/www.car-avan.fr\/wordpress\/wp-content\/uploads\/2024\/10\/IMG_0811-1536x1152.jpg 1536w, https:\/\/www.car-avan.fr\/wordpress\/wp-content\/uploads\/2024\/10\/IMG_0811.jpg 1600w\" sizes=\"(max-width: 300px) 100vw, 300px\" \/><\/a><\/p>\r\n<p align=\"JUSTIFY\"><span style=\"color: #b84747;\"><em><span style=\"color: #000000;\"><span style=\"font-family: Calibri, sans-serif;\"><span style=\"font-size: medium;\"><span lang=\"fr-FR\">Et aujourd&rsquo;hui, notre nature profonde a-t-elle la moindre chance d&rsquo;\u00eatre per\u00e7ue et comprise? <\/span><\/span><\/span><\/span><\/em><\/span><\/p>\r\n<p align=\"JUSTIFY\"><span style=\"color: #000000;\"><span style=\"font-family: Calibri, sans-serif;\"><span style=\"font-size: medium;\"> Si la pi\u00e8ce est une fiction bas\u00e9e sur des \u00e9l\u00e9ments av\u00e9r\u00e9s du r\u00e9el, elle ne se veut en aucun cas un documentaire qui soutiendrait un propos p\u00e9dagogique de vulgarisation scientifique sur l\u2019\u00e9volution des esp\u00e8ces. <\/span><\/span><\/span><\/p>\r\n<p align=\"JUSTIFY\"><span style=\"color: #000000;\"><span style=\"font-family: Calibri, sans-serif;\"><span style=\"font-size: medium;\"><span lang=\"fr-FR\"> Plus qu&rsquo;une histoire narrative (avec un d\u00e9but, un milieu et une fin), l&rsquo;objet de la pi\u00e8ce qui se structure \u00e0 partir d&rsquo;improvisations sous la direction de Thierry Sirou est d&rsquo;op\u00e9rer des saisies de perceptions, des explorations de situations existentielles, qui nous confrontent \u00e0 l&rsquo;indicible.<\/span><\/span><\/span><\/span><\/p>\r\n<p style=\"text-align: center;\" align=\"JUSTIFY\"><span style=\"color: #333333;\"><span style=\"font-family: Segoe Print;\"><span style=\"font-size: small;\"><i><b><a href=\"https:\/\/www.car-avan.fr\/wordpress\/wp-content\/uploads\/2024\/10\/IMG_0236-scaled.jpg\"><img loading=\"lazy\" decoding=\"async\" class=\" wp-image-1896 aligncenter\" src=\"https:\/\/www.car-avan.fr\/wordpress\/wp-content\/uploads\/2024\/10\/IMG_0236-225x300.jpg\" alt=\"\" width=\"344\" height=\"459\" srcset=\"https:\/\/www.car-avan.fr\/wordpress\/wp-content\/uploads\/2024\/10\/IMG_0236-225x300.jpg 225w, https:\/\/www.car-avan.fr\/wordpress\/wp-content\/uploads\/2024\/10\/IMG_0236-768x1024.jpg 768w, https:\/\/www.car-avan.fr\/wordpress\/wp-content\/uploads\/2024\/10\/IMG_0236-1152x1536.jpg 1152w, https:\/\/www.car-avan.fr\/wordpress\/wp-content\/uploads\/2024\/10\/IMG_0236-1536x2048.jpg 1536w, https:\/\/www.car-avan.fr\/wordpress\/wp-content\/uploads\/2024\/10\/IMG_0236-scaled.jpg 1920w\" sizes=\"(max-width: 344px) 100vw, 344px\" \/><\/a>\u00ab L&rsquo;objet de la d\u00e9marche artistique est avant tout d&rsquo;essayer <\/b><\/i><\/span><\/span><\/span><span style=\"color: #333333;\"><span style=\"font-family: Segoe Print;\"><span style=\"font-size: small;\"><i><b>de se rapprocher de ce que nous ne pouvons pas dire.\u00a0\u00bb &#8211; Patrick Chamoiseau<\/b><\/i><\/span><\/span><\/span><\/p>\r\n<p align=\"CENTER\">\u00a0<\/p>\r\n<p align=\"LEFT\"><span style=\"color: #000000;\"><span style=\"font-family: MV Boli;\"><span style=\"font-size: x-large;\"><b>NOTES D&rsquo;INTENTION<\/b><\/span><\/span><\/span><\/p>\r\n<p align=\"JUSTIFY\"><span style=\"font-family: Calibri, sans-serif;\"><span style=\"font-size: medium;\"> Du \u00ab\u00a0deux\u00a0\u00bb, de la dualit\u00e9 de deux mondes distincts mais n\u00e9anmoins indissociables, le Masculin et le F\u00e9minin, nait une multiplicit\u00e9 des possibles et la v\u00e9ritable alt\u00e9rit\u00e9. <\/span><\/span><\/p>\r\n<p lang=\"fr-FR\" align=\"CENTER\"><span style=\"color: #333333;\"><span style=\"font-family: Segoe Print;\"><span style=\"font-size: small;\"><i><b>\u00ab\u00a0Aller \u00e0 la rencontrer de l&rsquo;autre, c&rsquo;est avoir l&rsquo;id\u00e9e de l&rsquo;infini. C&rsquo;est avoir la pens\u00e9e de ce que l&rsquo;on ne peut pas penser.\u00a0\u00bb &#8211; Emmanuel L\u00e9vinas <\/b><\/i><\/span><\/span><\/span><\/p>\r\n<p align=\"LEFT\"><span style=\"font-family: Calibri, sans-serif;\"><span style=\"font-size: medium;\"> C&rsquo;est donc autour de cette double polarit\u00e9 \u2013 homme\/femme &#8211; que la pi\u00e8ce se construit accompagnant les successives transformations de ces deux \u00eatres.<\/span><\/span><\/p>\r\n<p align=\"JUSTIFY\"><span style=\"font-family: Calibri, sans-serif;\"><span style=\"font-size: medium;\"> <a href=\"https:\/\/www.car-avan.fr\/wordpress\/wp-content\/uploads\/2024\/10\/IMG_0758.jpg\"><img loading=\"lazy\" decoding=\"async\" class=\" wp-image-1845 alignleft\" src=\"https:\/\/www.car-avan.fr\/wordpress\/wp-content\/uploads\/2024\/10\/IMG_0758-225x300.jpg\" alt=\"\" width=\"203\" height=\"271\" srcset=\"https:\/\/www.car-avan.fr\/wordpress\/wp-content\/uploads\/2024\/10\/IMG_0758-225x300.jpg 225w, https:\/\/www.car-avan.fr\/wordpress\/wp-content\/uploads\/2024\/10\/IMG_0758-768x1024.jpg 768w, https:\/\/www.car-avan.fr\/wordpress\/wp-content\/uploads\/2024\/10\/IMG_0758-1152x1536.jpg 1152w, https:\/\/www.car-avan.fr\/wordpress\/wp-content\/uploads\/2024\/10\/IMG_0758.jpg 1200w\" sizes=\"(max-width: 203px) 100vw, 203px\" \/><\/a>Ce qui est beau et int\u00e9ressant, voire \u00e9mouvant dans l&rsquo;\u00e9laboration de ce spectacle, c&rsquo;est de rendre brut ce qui l&rsquo;\u00e9tait originellement et qui, quoique \u00ab oubli\u00e9 \u00bb par des milliers d&rsquo;ann\u00e9es d&rsquo;\u00e9volution ou de morale, resurgit.\u00a0<\/span><\/span><span style=\"color: #000000; font-size: medium;\">Donner une chair \u00e0 cette part non-civilis\u00e9e de notre nature humaine am\u00e8ne \u00e0 d\u00e9structurer et modeler les corps et \u00e0 les rendre capables de d\u00e9couvrir et d&#8217;emmagasiner des exp\u00e9riences tous azimuts, ouvertes \u00e0 mille vents.<\/span><\/p>\r\n<p lang=\"fr-FR\" align=\"LEFT\">\u00a0<\/p>\r\n<p lang=\"fr-FR\" align=\"LEFT\">\u00a0<\/p>\r\n<p align=\"LEFT\"><span style=\"color: #000000;\"><span style=\"font-family: Calibri, sans-serif;\"><span style=\"font-size: large;\"><u><b>UN HOMME, UNE FEMME&#8230;.<\/b><\/u><\/span><\/span><\/span><\/p>\r\n<p align=\"JUSTIFY\"><span style=\"font-family: Calibri, sans-serif;\"><span style=\"font-size: large;\"><b> <a href=\"https:\/\/www.car-avan.fr\/wordpress\/wp-content\/uploads\/2024\/10\/IMG_0364-scaled.jpg\"><img loading=\"lazy\" decoding=\"async\" class=\"size-medium wp-image-1886 alignright\" src=\"https:\/\/www.car-avan.fr\/wordpress\/wp-content\/uploads\/2024\/10\/IMG_0364-225x300.jpg\" alt=\"\" width=\"225\" height=\"300\" srcset=\"https:\/\/www.car-avan.fr\/wordpress\/wp-content\/uploads\/2024\/10\/IMG_0364-225x300.jpg 225w, https:\/\/www.car-avan.fr\/wordpress\/wp-content\/uploads\/2024\/10\/IMG_0364-768x1024.jpg 768w, https:\/\/www.car-avan.fr\/wordpress\/wp-content\/uploads\/2024\/10\/IMG_0364-1152x1536.jpg 1152w, https:\/\/www.car-avan.fr\/wordpress\/wp-content\/uploads\/2024\/10\/IMG_0364-1536x2048.jpg 1536w, https:\/\/www.car-avan.fr\/wordpress\/wp-content\/uploads\/2024\/10\/IMG_0364-scaled.jpg 1920w\" sizes=\"(max-width: 225px) 100vw, 225px\" \/><\/a>Il y a des milliers d&rsquo;ann\u00e9es<\/b><\/span><\/span><span style=\"font-family: Calibri, sans-serif;\"><span style=\"font-size: medium;\">, d&rsquo;abord, o\u00f9 l&rsquo;on voit le ventre de la femme se gonfler en calebasse de pleine lune et o\u00f9 elle prononce ses premiers mots (\u00ab maison \u00bb d\u00e9signant le cocon familial&#8230;)\u00a0; elle \u00ab\u00a0couve\u00a0\u00bb. L\u2019\u0153uf, signifi\u00e9 sc\u00e9niquement par une calebasse, repr\u00e9sente la puissance cr\u00e9atrice et la capacit\u00e9 \u00e0 donner la vie que porte en sa chair la femme.<\/span><\/span><span style=\"font-family: Calibri, sans-serif;\"><span style=\"font-size: medium;\"> R<\/span><\/span><span style=\"font-family: Calibri, sans-serif;\"><span style=\"font-size: medium;\">enfermant dans sa coquille les \u00e9l\u00e9ments vitaux, i<\/span><\/span><span style=\"font-family: Calibri, sans-serif;\"><span style=\"font-size: medium;\">l<\/span><\/span><span style=\"font-family: Calibri, sans-serif;\"><span style=\"font-size: medium;\"> symbolise le germe et la pulsion vitale appel\u00e9e \u00e0 se d\u00e9velopper si la femme lui transmet sa chaleur.<\/span><\/span><\/p>\r\n<p style=\"text-align: left;\" align=\"JUSTIFY\"><span style=\"font-family: Calibri, sans-serif;\"><span style=\"font-size: medium;\"><span lang=\"fr-FR\"> La femme est prise d&rsquo;une crise de panique lorsqu&rsquo;un <\/span><\/span><\/span><span style=\"font-family: Calibri, sans-serif;\"><span style=\"font-size: medium;\"><span lang=\"fr-FR\">oiseau pr\u00e9dateur lui d\u00e9robe son \u0153uf.<\/span><\/span><\/span><span style=\"font-family: Calibri, sans-serif;\"><span style=\"font-size: medium;\"><span lang=\"fr-FR\"> Un sentiment fou de vide l&#8217;emporte.<\/span><\/span><\/span><span style=\"font-family: Calibri, sans-serif;\"><span style=\"font-size: medium;\"><span lang=\"fr-FR\"> <a href=\"https:\/\/www.car-avan.fr\/wordpress\/wp-content\/uploads\/2024\/10\/IMG_0744-1.jpg\"><img loading=\"lazy\" decoding=\"async\" class=\" wp-image-1870 alignleft\" src=\"https:\/\/www.car-avan.fr\/wordpress\/wp-content\/uploads\/2024\/10\/IMG_0744-1-300x225.jpg\" alt=\"\" width=\"249\" height=\"187\" srcset=\"https:\/\/www.car-avan.fr\/wordpress\/wp-content\/uploads\/2024\/10\/IMG_0744-1-300x225.jpg 300w, https:\/\/www.car-avan.fr\/wordpress\/wp-content\/uploads\/2024\/10\/IMG_0744-1.jpg 640w\" sizes=\"(max-width: 249px) 100vw, 249px\" \/><\/a>Consciente qu\u2019elle s\u2019appr\u00eate \u00e0 transmettre la vie, cet arrachement provoque en elle une d\u00e9chirure indescriptible. E<\/span><\/span><\/span><span style=\"font-family: Calibri, sans-serif;\"><span style=\"font-size: medium;\"><span lang=\"fr-FR\">ndurant un vrai s\u00e9isme, ses capacit\u00e9s psychiques sont alt\u00e9r\u00e9es; elle ne peut y r\u00e9pondre que par un d\u00e9cha\u00eenement convulsif que seul son compagnon est en mesure de soulager. S<\/span><\/span><\/span><span style=\"color: #000000;\"><span style=\"font-family: Calibri, sans-serif;\"><span style=\"font-size: medium;\">ans autre langage que les sons <\/span><\/span><\/span><span style=\"color: #000000;\"><span style=\"font-family: Calibri, sans-serif;\"><span style=\"font-size: medium;\">et une gestuelle <\/span><\/span><\/span><span style=\"color: #000000;\"><span style=\"font-family: Calibri, sans-serif;\"><span style=\"font-size: medium;\">qu&rsquo;il module au gr\u00e9 de l&rsquo;histoire qu&rsquo;il narre \u00e0 la femme, il explique son combat avec l&rsquo;oiseau qui a voulu leur d\u00e9rober l&rsquo;\u0153uf. Il lui transmet sa vision, <\/span><\/span><\/span><span style=\"color: #000000;\"><span style=\"font-family: Calibri, sans-serif;\"><span style=\"font-size: medium;\">\u00e0 la mani\u00e8re d&rsquo;un conteur sans mots.<\/span><\/span><\/span><span style=\"color: #000000;\"><span style=\"font-family: Calibri, sans-serif;\"><span style=\"font-size: medium;\"> Son corps restitue l&rsquo;amplitude du vol de l&rsquo;oiseau, le combat men\u00e9 pour prot\u00e9ger l&rsquo;\u0153uf, la mort du pr\u00e9dateur et la restitution de l&rsquo;\u0153uf \u00e0 la femme \u2026 Enfin, elle s&rsquo;apaise.<\/span><\/span><\/span><\/p>\r\n<p align=\"JUSTIFY\"><a href=\"https:\/\/www.car-avan.fr\/wordpress\/wp-content\/uploads\/2024\/10\/IMG_0733-1.jpg\"><img loading=\"lazy\" decoding=\"async\" class=\" wp-image-1855 alignright\" src=\"https:\/\/www.car-avan.fr\/wordpress\/wp-content\/uploads\/2024\/10\/IMG_0733-1-300x225.jpg\" alt=\"\" width=\"261\" height=\"196\" srcset=\"https:\/\/www.car-avan.fr\/wordpress\/wp-content\/uploads\/2024\/10\/IMG_0733-1-300x225.jpg 300w, https:\/\/www.car-avan.fr\/wordpress\/wp-content\/uploads\/2024\/10\/IMG_0733-1.jpg 640w\" sizes=\"(max-width: 261px) 100vw, 261px\" \/><\/a><\/p>\r\n<p align=\"JUSTIFY\"><a href=\"https:\/\/www.car-avan.fr\/wordpress\/wp-content\/uploads\/2024\/10\/IMG_0335-scaled.jpg\"><img loading=\"lazy\" decoding=\"async\" class=\"size-medium wp-image-1825 alignleft\" src=\"https:\/\/www.car-avan.fr\/wordpress\/wp-content\/uploads\/2024\/10\/IMG_0335-225x300.jpg\" alt=\"\" width=\"225\" height=\"300\" srcset=\"https:\/\/www.car-avan.fr\/wordpress\/wp-content\/uploads\/2024\/10\/IMG_0335-225x300.jpg 225w, https:\/\/www.car-avan.fr\/wordpress\/wp-content\/uploads\/2024\/10\/IMG_0335-768x1024.jpg 768w, https:\/\/www.car-avan.fr\/wordpress\/wp-content\/uploads\/2024\/10\/IMG_0335-1152x1536.jpg 1152w, https:\/\/www.car-avan.fr\/wordpress\/wp-content\/uploads\/2024\/10\/IMG_0335-1536x2048.jpg 1536w, https:\/\/www.car-avan.fr\/wordpress\/wp-content\/uploads\/2024\/10\/IMG_0335-scaled.jpg 1920w\" sizes=\"(max-width: 225px) 100vw, 225px\" \/><\/a><\/p>\r\n<p align=\"JUSTIFY\">\u00a0<\/p>\r\n<p align=\"JUSTIFY\">\u00a0<\/p>\r\n<p align=\"JUSTIFY\">\u00a0<\/p>\r\n<p align=\"JUSTIFY\">\u00a0<\/p>\r\n<p align=\"JUSTIFY\">\u00a0<\/p>\r\n<p align=\"JUSTIFY\">\u00a0<\/p>\r\n<p align=\"JUSTIFY\">\u00a0<\/p>\r\n<p align=\"JUSTIFY\"><a href=\"https:\/\/www.car-avan.fr\/wordpress\/wp-content\/uploads\/2024\/10\/IMG_0750.jpg\"><img loading=\"lazy\" decoding=\"async\" class=\"size-medium wp-image-1857 aligncenter\" src=\"https:\/\/www.car-avan.fr\/wordpress\/wp-content\/uploads\/2024\/10\/IMG_0750-300x225.jpg\" alt=\"\" width=\"300\" height=\"225\" srcset=\"https:\/\/www.car-avan.fr\/wordpress\/wp-content\/uploads\/2024\/10\/IMG_0750-300x225.jpg 300w, https:\/\/www.car-avan.fr\/wordpress\/wp-content\/uploads\/2024\/10\/IMG_0750.jpg 640w\" sizes=\"(max-width: 300px) 100vw, 300px\" \/><\/a><\/p>\r\n<p align=\"JUSTIFY\"><span style=\"font-family: Calibri, sans-serif;\"><span style=\"font-size: medium;\"><span style=\"font-size: large;\"><b>Puis de nos jours<\/b><\/span><b>,<\/b> \u00e0 l&rsquo;heure du contr\u00f4le des naissances, des loisirs et du d\u00e9veloppement personnel, <span style=\"color: #000000;\">o\u00f9 l&rsquo;on repr\u00e9sente un couple qui<\/span> s&rsquo;interroge sur son envie de transmettre la vie et que l&rsquo;on voit d\u00e9bord\u00e9, une fois le b\u00e9b\u00e9 arriv\u00e9, par le tempo qu&rsquo;impose un nourrisson.<\/span><\/span><\/p>\r\n<p lang=\"fr-FR\" align=\"JUSTIFY\"><span style=\"color: #000000;\"><span style=\"font-family: Calibri, sans-serif;\"><span style=\"font-size: medium;\"> Les rep\u00e8res habituels, les fonctionnements au sein m\u00eame du couple, les r\u00f4les g\u00e9n\u00e9ralement r\u00e9partis sont bouscul\u00e9s par la venue de l&rsquo;enfant\u00a0; l&rsquo;enfant est \u00abprioritaire\u00bb en tout et pour tout. Il est chronophage, d\u00e9voreur d&rsquo;\u00e9nergie et de sommeil et l&rsquo;on ne saurait \u00e9videmment lui en vouloir\u00a0!<a href=\"https:\/\/www.car-avan.fr\/wordpress\/wp-content\/uploads\/2024\/10\/IMG_0904.jpg\"><img loading=\"lazy\" decoding=\"async\" class=\"size-medium wp-image-1879 alignright\" src=\"https:\/\/www.car-avan.fr\/wordpress\/wp-content\/uploads\/2024\/10\/IMG_0904-300x225.jpg\" alt=\"\" width=\"300\" height=\"225\" srcset=\"https:\/\/www.car-avan.fr\/wordpress\/wp-content\/uploads\/2024\/10\/IMG_0904-300x225.jpg 300w, https:\/\/www.car-avan.fr\/wordpress\/wp-content\/uploads\/2024\/10\/IMG_0904-1024x768.jpg 1024w, https:\/\/www.car-avan.fr\/wordpress\/wp-content\/uploads\/2024\/10\/IMG_0904-768x576.jpg 768w, https:\/\/www.car-avan.fr\/wordpress\/wp-content\/uploads\/2024\/10\/IMG_0904-1536x1152.jpg 1536w, https:\/\/www.car-avan.fr\/wordpress\/wp-content\/uploads\/2024\/10\/IMG_0904.jpg 1600w\" sizes=\"(max-width: 300px) 100vw, 300px\" \/><\/a> <\/span><\/span><\/span><\/p>\r\n<p lang=\"fr-FR\" align=\"LEFT\"><span style=\"color: #000000;\"><span style=\"font-family: Calibri, sans-serif;\"><span style=\"font-size: medium;\"> Il \u00e9tait fort tentant et cocasse de montrer ce couple confront\u00e9 \u00e0 cette r\u00e9alit\u00e9 quotidienne, \u00e0 sa routine et \u00e0 l&rsquo;envie des parents de s&rsquo;y soustraire en d\u00e9pit de toute leur bonne volont\u00e9!<\/span><\/span><\/span><\/p>\r\n<div id=\"Cadre1\" dir=\"LTR\">\r\n<p align=\"JUSTIFY\"><span style=\"color: #000000;\"><span style=\"font-family: Gadugi, sans-serif;\"><span style=\"font-size: medium;\"><span style=\"font-family: Calibri, sans-serif;\"><span lang=\"fr-FR\"> De cette situation que l&rsquo;on pourrait qualifier d&rsquo; \u00ab\u00a0ordinaire\u00a0\u00bb surgit pourtant un n\u0153ud, un probl\u00e8me beaucoup moins <\/span><\/span><span style=\"font-family: Calibri, sans-serif;\"><span lang=\"fr-FR\">anodin <\/span><\/span><span style=\"font-family: Calibri, sans-serif;\"><span lang=\"fr-FR\">qu&rsquo;il n&rsquo;y para\u00eet \u00e0 premi\u00e8re vue. <\/span><\/span><\/span><\/span><\/span><\/p>\r\n<p align=\"JUSTIFY\"><span style=\"color: #000000;\"><span style=\"font-family: Gadugi, sans-serif;\"><span style=\"font-size: medium;\"><span style=\"font-family: Calibri, sans-serif;\"><span lang=\"fr-FR\"><a href=\"https:\/\/www.car-avan.fr\/wordpress\/wp-content\/uploads\/2024\/10\/10-scaled.jpg\"><img loading=\"lazy\" decoding=\"async\" class=\"size-medium wp-image-1834 alignleft\" src=\"https:\/\/www.car-avan.fr\/wordpress\/wp-content\/uploads\/2024\/10\/10-300x225.jpg\" alt=\"\" width=\"300\" height=\"225\" srcset=\"https:\/\/www.car-avan.fr\/wordpress\/wp-content\/uploads\/2024\/10\/10-300x225.jpg 300w, https:\/\/www.car-avan.fr\/wordpress\/wp-content\/uploads\/2024\/10\/10-1024x768.jpg 1024w, https:\/\/www.car-avan.fr\/wordpress\/wp-content\/uploads\/2024\/10\/10-768x576.jpg 768w, https:\/\/www.car-avan.fr\/wordpress\/wp-content\/uploads\/2024\/10\/10-1536x1152.jpg 1536w, https:\/\/www.car-avan.fr\/wordpress\/wp-content\/uploads\/2024\/10\/10-2048x1536.jpg 2048w\" sizes=\"(max-width: 300px) 100vw, 300px\" \/><\/a>Un probl\u00e8me <\/span><\/span><span style=\"font-family: Calibri, sans-serif;\"><span lang=\"fr-FR\">existentiel <\/span><\/span><span style=\"font-family: Calibri, sans-serif;\"><span lang=\"fr-FR\">malm\u00e8ne ces parents\u00a0: \u00ab Qui suis-je? Quelle est ma part de responsabilit\u00e9 face \u00e0 cet enfant? L&rsquo;enfant n&rsquo;est-il pas en train de me repousser vers les fronti\u00e8res de la mort? Cet enfant, c&rsquo;est un prolongement de moi ou un corps \u00e9tranger?, &#8230;\u00bb<\/span><\/span><\/span><\/span><\/span><\/p>\r\n<\/div>\r\n<p align=\"JUSTIFY\">\u00a0<\/p>\r\n<p align=\"JUSTIFY\">\u00a0<\/p>\r\n<div id=\"Cadre1\" dir=\"LTR\">\r\n<p align=\"JUSTIFY\"><u style=\"font-size: large;\"><b>L&rsquo;UNIVERS SONORE<\/b><\/u><\/p>\r\n<\/div>\r\n<p align=\"JUSTIFY\"><span style=\"color: #000000;\"><span style=\"font-family: Calibri, sans-serif;\"><span style=\"font-size: small;\"> <span style=\"font-size: medium;\">Les musiques choisies dans \u00ab Vivre \u00bb sont nombreuses et de sources tr\u00e8s diversifi\u00e9es (compositeurs contemporains, musiques arborig\u00e8nes,&#8230;) m\u00eame si Thierry Sirou s&rsquo;est attach\u00e9 \u00e0 une coh\u00e9rence et les a s\u00e9lectionn\u00e9es soit avant d&rsquo;entreprendre le travail soit pendant, en fonction de sa progression. <\/span><\/span><\/span><\/span><\/p>\r\n<p lang=\"fr-FR\" align=\"JUSTIFY\"><span style=\"color: #000000;\"><span style=\"font-family: Gadugi, sans-serif;\"><span style=\"font-size: medium;\"><span style=\"font-family: Calibri, sans-serif;\"> Il arrive au demeurant que des co\u00efncidences ressemblent \u00e0 des cadeaux\u00a0! Thierry Sirou a fix\u00e9 son attention sur une musique entendue par hasard, \u00e0 la radio, \u00e0 un moment <\/span><span style=\"font-family: Calibri, sans-serif;\">pr\u00e9cis\u00e9ment <\/span><span style=\"font-family: Calibri, sans-serif;\">o\u00f9 d&rsquo;aucun ne savait plus trop comment orienter la pi\u00e8ce. Il s&rsquo;agissait de \u00ab Cold Song \u00bb, extrait du Roi Arthur de Henry Purcell, interpr\u00e9t\u00e9 par Andr\u00e9as Scholl. Ce chant, si fragile et si vuln\u00e9rable, a restimul\u00e9 l&rsquo;imagination de chacun, permettant de repartir sur un chemin pertinent. <\/span><\/span><\/span><\/span><\/p>\r\n<p align=\"JUSTIFY\"><span style=\"color: #000000;\"><span style=\"font-family: Calibri, sans-serif;\"><span style=\"font-size: medium;\"><span lang=\"fr-FR\"> E<\/span><span lang=\"fr-FR\">n \u00e9cho \u00e0 la sublime lamentation de ce personnage qui se retire du monde en se couvrant de neige, ils ont calqu\u00e9 cette image pour exprimer le d\u00e9sarroi du personnage masculin devant son enfant: le p\u00e8re d\u00e9cide de<\/span> s&rsquo;isoler et refuse de poursuivre plus avant l&rsquo;aventure avec sa compagne et son enfant.<\/span><\/span><\/span><\/p>\r\n<p align=\"JUSTIFY\"><a href=\"https:\/\/www.car-avan.fr\/wordpress\/wp-content\/uploads\/2024\/10\/IMG_0508-1-scaled.jpg\"><img loading=\"lazy\" decoding=\"async\" class=\" wp-image-1915 aligncenter\" src=\"https:\/\/www.car-avan.fr\/wordpress\/wp-content\/uploads\/2024\/10\/IMG_0508-1-300x225.jpg\" alt=\"\" width=\"392\" height=\"294\" srcset=\"https:\/\/www.car-avan.fr\/wordpress\/wp-content\/uploads\/2024\/10\/IMG_0508-1-300x225.jpg 300w, https:\/\/www.car-avan.fr\/wordpress\/wp-content\/uploads\/2024\/10\/IMG_0508-1-1024x768.jpg 1024w, https:\/\/www.car-avan.fr\/wordpress\/wp-content\/uploads\/2024\/10\/IMG_0508-1-768x576.jpg 768w, https:\/\/www.car-avan.fr\/wordpress\/wp-content\/uploads\/2024\/10\/IMG_0508-1-1536x1152.jpg 1536w, https:\/\/www.car-avan.fr\/wordpress\/wp-content\/uploads\/2024\/10\/IMG_0508-1-2048x1536.jpg 2048w\" sizes=\"(max-width: 392px) 100vw, 392px\" \/><\/a><\/p>\r\n<p align=\"JUSTIFY\">\u00a0<\/p>\r\n<p align=\"JUSTIFY\"><span style=\"font-family: Calibri, sans-serif;\"><span style=\"font-size: medium;\"> \u00ab\u00a0Vivre\u00a0\u00bb n&rsquo;a rien de d\u00e9sesp\u00e9r\u00e9 pour autant! Un spectacle autorise <span lang=\"fr-FR\">des bascules\u00a0po\u00e9tiques et d&rsquo;ailleurs, comme dans la vie, tout est question d&rsquo;\u00e9clairage<\/span><span lang=\"fr-FR\">\u00a0et d&rsquo;angle si bien que tout peut, soudain, appara\u00eetre merveilleusement l\u00e9ger et d\u00e9cal\u00e9.<\/span><\/span><\/span><\/p>\r\n<p align=\"JUSTIFY\"><span style=\"font-family: Calibri, sans-serif;\"><span style=\"font-size: medium;\"> <a href=\"https:\/\/www.car-avan.fr\/wordpress\/wp-content\/uploads\/2024\/10\/7-PLus.png\"><img loading=\"lazy\" decoding=\"async\" class=\" wp-image-1827 alignleft\" src=\"https:\/\/www.car-avan.fr\/wordpress\/wp-content\/uploads\/2024\/10\/7-PLus-300x225.png\" alt=\"\" width=\"305\" height=\"229\" srcset=\"https:\/\/www.car-avan.fr\/wordpress\/wp-content\/uploads\/2024\/10\/7-PLus-300x225.png 300w, https:\/\/www.car-avan.fr\/wordpress\/wp-content\/uploads\/2024\/10\/7-PLus.png 768w\" sizes=\"(max-width: 305px) 100vw, 305px\" \/><\/a>Cette l\u00e9g\u00e8ret\u00e9, c&rsquo;est aussi le lien affectueux qui se tisse finalement entre les trois (<span lang=\"fr-FR\">l&rsquo;homme, la femme et l&rsquo;enfant). <\/span><span lang=\"fr-FR\">L&rsquo;amour de la femme pour son compagnon r\u00e9ussit \u00e0 lui insuffler l&rsquo;envie de regarder son enfant. De \u00abm\u00e2le\u00bb, il devient homme et de \u00abg\u00e9niteur \u00bb, il devient p\u00e8re.<\/span> <span lang=\"fr-FR\">C&rsquo;est le d\u00e9but d&rsquo;une nouvelle histoire qui commence et que chacun, dans le public, pourra s&rsquo;inventer et se r\u00e9approprier.<\/span><\/span><\/span><\/p>\r\n<p align=\"JUSTIFY\">\u00a0<\/p>\r\n<p align=\"JUSTIFY\"><i> <\/i><i>\u00ab\u00a0La vie nous expose \u00e0 toutes sortes de questionnements, \u00e0 une multitude d&rsquo;exp\u00e9riences auxquelles chacun apporte la r\u00e9ponse qui lui sied et que je ne saurais, en aucun cas, juger. Peut-\u00eatre que la seule exigence de la vie est que l&rsquo;on doive la traverser et en jouir comme, sans doute, elle le m\u00e9rite. <\/i><\/p>\r\n<p><i> En ce qui concerne le d\u00e9nouement de \u00ab\u00a0Vivre\u00a0\u00bb, aucune intention n&rsquo;a interf\u00e9r\u00e9\u00a0; c&rsquo;est comme si la pi\u00e8ce avait dispos\u00e9 de sa propre respiration et c&rsquo;est plut\u00f4t elle qui, une fois que nous lui avions \u00e9rig\u00e9 sa colonne vert\u00e9brale, a \u00e9t\u00e9 capable de nous porter et de nous guider, comme si elle nous demandait de l&rsquo;\u00e9couter.<\/i><\/p>\r\n<p><i> De ce point de vue-l\u00e0, c&rsquo;\u00e9tait pour tous une exp\u00e9rience plut\u00f4t inattendue. Et, comme dans la vie ou dans le travail men\u00e9, je souhaiterais que le spectacle constitue pour le public un r\u00e9el \u00e9tonnement et une lame de fond qui cueille chacun au plus intime et au plus sinc\u00e8re de lui-m\u00eame.\u00a0\u00bb &#8211; Thierry Sirou<\/i><\/p>\r\n<p><a href=\"https:\/\/www.car-avan.fr\/wordpress\/wp-content\/uploads\/2024\/10\/IMG_0999.jpg\"><img loading=\"lazy\" decoding=\"async\" class=\" wp-image-1890 aligncenter\" src=\"https:\/\/www.car-avan.fr\/wordpress\/wp-content\/uploads\/2024\/10\/IMG_0999-300x225.jpg\" alt=\"\" width=\"325\" height=\"244\" srcset=\"https:\/\/www.car-avan.fr\/wordpress\/wp-content\/uploads\/2024\/10\/IMG_0999-300x225.jpg 300w, https:\/\/www.car-avan.fr\/wordpress\/wp-content\/uploads\/2024\/10\/IMG_0999.jpg 640w\" sizes=\"(max-width: 325px) 100vw, 325px\" \/><\/a><\/p>\r\n<p>&nbsp;<\/p>\r\n<p align=\"LEFT\"><span style=\"color: #000000;\"><span style=\"font-family: MV Boli;\"><span style=\"font-size: x-large;\"><b>CONCEPTION &amp; <\/b><\/span><\/span><\/span><span style=\"color: #000000;\"><span style=\"font-family: MV Boli;\"><span style=\"font-size: x-large;\"><b>MISE EN SC\u00c8NE<\/b><\/span><\/span><\/span><\/p>\r\n<p align=\"JUSTIFY\"><span style=\"color: #000000;\"><span style=\"font-family: Calibri, sans-serif;\"><span style=\"font-size: medium;\"><span lang=\"fr-FR\"><u><b>LA D\u00c9MARCHE DE TRAVAIL<\/b><\/u><\/span><\/span><\/span><\/span><\/p>\r\n<p align=\"JUSTIFY\"><span style=\"color: #000000;\"><span style=\"font-family: Calibri, sans-serif;\"><span style=\"font-size: medium;\"> L&rsquo;interpr\u00e9tation \u00e9tant confi\u00e9e \u00e0 Jean l&rsquo;Oc\u00e9an et \u00e0 Laurence Couzinet-Letchimy, il a sembl\u00e9 \u00e9vident \u00e0 Thierry Sirou de partir de cette mati\u00e8re id\u00e9ale , faite de chair et d&rsquo;os, que sont un homme et une femme qui, au demeurant, sont mari et femme dans la vie. <\/span><\/span><\/span><\/p>\r\n<p align=\"JUSTIFY\"><span style=\"color: #000000;\"><span style=\"font-family: Calibri, sans-serif;\"><span style=\"font-size: medium;\"> Les deux interpr\u00e8tes, en qu\u00eate de simplicit\u00e9, ont puis\u00e9 dans les tr\u00e9fonds de leur inconscient afin d&rsquo;obtenir une mati\u00e8re brute et lisible, source de vie et de l\u00e9g\u00e8ret\u00e9.\u00a0Ensemble, les trois artistes ont fouill\u00e9 et construit des sc\u00e8nes, comme autant d&rsquo;histoires possibles\u00a0faites de mues successives. <\/span><\/span><\/span><\/p>\r\n<p align=\"JUSTIFY\"><span style=\"color: #000000;\"><span style=\"font-family: Calibri, sans-serif;\"><span style=\"font-size: medium;\"> <a href=\"https:\/\/www.car-avan.fr\/wordpress\/wp-content\/uploads\/2024\/10\/IMG_0200-scaled.jpg\"><img loading=\"lazy\" decoding=\"async\" class=\" wp-image-1848 alignleft\" src=\"https:\/\/www.car-avan.fr\/wordpress\/wp-content\/uploads\/2024\/10\/IMG_0200-300x225.jpg\" alt=\"\" width=\"219\" height=\"164\" srcset=\"https:\/\/www.car-avan.fr\/wordpress\/wp-content\/uploads\/2024\/10\/IMG_0200-300x225.jpg 300w, https:\/\/www.car-avan.fr\/wordpress\/wp-content\/uploads\/2024\/10\/IMG_0200-1024x768.jpg 1024w, https:\/\/www.car-avan.fr\/wordpress\/wp-content\/uploads\/2024\/10\/IMG_0200-768x576.jpg 768w, https:\/\/www.car-avan.fr\/wordpress\/wp-content\/uploads\/2024\/10\/IMG_0200-1536x1152.jpg 1536w, https:\/\/www.car-avan.fr\/wordpress\/wp-content\/uploads\/2024\/10\/IMG_0200-2048x1536.jpg 2048w\" sizes=\"(max-width: 219px) 100vw, 219px\" \/><\/a>Partant de consignes simples et d&rsquo;orientations diverses, les com\u00e9diens ont r\u00e9invent\u00e9 progressivement leur mani\u00e8re d&rsquo;\u00eatre au monde; travaillant sur la gen\u00e8se de la vie et la qu\u00eate de leur humanit\u00e9, ils ont tent\u00e9 de se d\u00e9lester du bagage et de la technicit\u00e9 qui les ont construits comme personnes et comme artistes.<\/span><\/span><\/span><\/p>\r\n<p align=\"JUSTIFY\"><span style=\"color: #000000;\"><span style=\"font-family: Calibri, sans-serif;\"><span style=\"font-size: medium;\"> Laurence Couzinet-Letchimy, danseuse et Jean l&rsquo;Oc\u00e9an, conteur, ont tent\u00e9 d&rsquo; \u00aboublier\u00bb leur mode d&rsquo;expression familier et leur savoir-faire pour explorer le plus honn\u00eatement possible les directives de travail. D\u00e8s lors, Thierry Sirou a pu orienter la charge \u00e9motionnelle lib\u00e9r\u00e9e, se servir des \u00e9chapp\u00e9es comme autant de pistes possibles pour cr\u00e9er la pi\u00e8ce.<\/span><\/span><\/span><\/p>\r\n<p lang=\"fr-FR\" style=\"text-align: left;\" align=\"JUSTIFY\"><span style=\"font-size: medium;\">L&rsquo;excellente connaissance qu&rsquo;ont les deux interpr\u00e8tes l&rsquo;un de l&rsquo;autre a constitu\u00e9 un facteur tr\u00e8s favorisant ; ils ont pu laisser vivre leur nature en confiance.<\/span><\/p>\r\n<div id=\"Cadre3\" dir=\"LTR\">\r\n<p align=\"JUSTIFY\"><span style=\"color: #000000;\"><span style=\"font-family: Calibri, sans-serif;\"><span style=\"font-size: medium;\"> Ce faisant, c&rsquo;est leur \u00ab\u00a0clown\u00a0\u00bb qui, par moments, a pris le dessus avec une puissance tout autant po\u00e9tique que comique.<\/span><\/span><\/span><\/p>\r\n<p align=\"JUSTIFY\">\u00a0<\/p>\r\n<\/div>\r\n<p style=\"text-align: left;\" align=\"JUSTIFY\"><span style=\"color: #000000;\"><span style=\"font-family: Calibri, sans-serif;\"><span style=\"font-size: medium;\"><span lang=\"fr-FR\"><u><b>LA CR\u00c9ATION LUMI\u00c8RE<a href=\"https:\/\/www.car-avan.fr\/wordpress\/wp-content\/uploads\/2024\/10\/IMG_0483-scaled.jpg\"><img loading=\"lazy\" decoding=\"async\" class=\" wp-image-1840 alignright\" src=\"https:\/\/www.car-avan.fr\/wordpress\/wp-content\/uploads\/2024\/10\/IMG_0483-225x300.jpg\" alt=\"\" width=\"233\" height=\"311\" srcset=\"https:\/\/www.car-avan.fr\/wordpress\/wp-content\/uploads\/2024\/10\/IMG_0483-225x300.jpg 225w, https:\/\/www.car-avan.fr\/wordpress\/wp-content\/uploads\/2024\/10\/IMG_0483-768x1024.jpg 768w, https:\/\/www.car-avan.fr\/wordpress\/wp-content\/uploads\/2024\/10\/IMG_0483-1152x1536.jpg 1152w, https:\/\/www.car-avan.fr\/wordpress\/wp-content\/uploads\/2024\/10\/IMG_0483-1536x2048.jpg 1536w, https:\/\/www.car-avan.fr\/wordpress\/wp-content\/uploads\/2024\/10\/IMG_0483-scaled.jpg 1920w\" sizes=\"(max-width: 233px) 100vw, 233px\" \/><\/a><\/b><\/u><\/span> <\/span><\/span><\/span><\/p>\r\n<div id=\"Cadre2\" dir=\"LTR\">\r\n<p align=\"JUSTIFY\"><span style=\"color: #000000;\"><span style=\"font-family: Calibri, sans-serif;\"><span style=\"font-size: medium;\"> La mise en lumi\u00e8res de \u00ab\u00a0Vivre\u00a0\u00bb, confi\u00e9e \u00e0 S\u00e9bastien Arribas, fait l&rsquo;objet d&rsquo;un soin tr\u00e8s particulier, non pas seulement pour illustrer le propos ou mettre en valeur les artistes mais parce qu&rsquo;elle dit, en d&rsquo;infimes variations, l&rsquo;aube et le cr\u00e9puscule, \u00ab\u00a0le premier jour\u00a0\u00bb \u00e9voqu\u00e9 dans la gen\u00e8se, l&rsquo;exp\u00e9rience et la qu\u00eate de l&rsquo;homme.<\/span><\/span><\/span><\/p>\r\n<p lang=\"fr-FR\" style=\"text-align: left;\" align=\"CENTER\"><span style=\"color: #000000;\"><span style=\"font-family: Times New Roman, serif;\"><span style=\"font-size: medium;\"><i>\u00ab Chaque homme dans sa nuit s\u2019en va vers sa lumi\u00e8re \u00bb &#8211; Victor Hugo<\/i><\/span><\/span><\/span><\/p>\r\n<p lang=\"fr-FR\" style=\"text-align: left;\" align=\"CENTER\"><u style=\"font-size: medium;\"><b>D\u00c9COR<\/b><\/u><\/p>\r\n<\/div>\r\n<p align=\"JUSTIFY\"><span style=\"color: #000000;\"><span style=\"font-family: Calibri, sans-serif;\"><span style=\"font-size: medium;\"> <a href=\"https:\/\/www.car-avan.fr\/wordpress\/wp-content\/uploads\/2024\/10\/IMG_0662-scaled.jpg\"><img loading=\"lazy\" decoding=\"async\" class=\"size-medium wp-image-1854 alignleft\" src=\"https:\/\/www.car-avan.fr\/wordpress\/wp-content\/uploads\/2024\/10\/IMG_0662-225x300.jpg\" alt=\"\" width=\"225\" height=\"300\" srcset=\"https:\/\/www.car-avan.fr\/wordpress\/wp-content\/uploads\/2024\/10\/IMG_0662-225x300.jpg 225w, https:\/\/www.car-avan.fr\/wordpress\/wp-content\/uploads\/2024\/10\/IMG_0662-768x1024.jpg 768w, https:\/\/www.car-avan.fr\/wordpress\/wp-content\/uploads\/2024\/10\/IMG_0662-1152x1536.jpg 1152w, https:\/\/www.car-avan.fr\/wordpress\/wp-content\/uploads\/2024\/10\/IMG_0662-1536x2048.jpg 1536w, https:\/\/www.car-avan.fr\/wordpress\/wp-content\/uploads\/2024\/10\/IMG_0662-scaled.jpg 1920w\" sizes=\"(max-width: 225px) 100vw, 225px\" \/><\/a>A l&rsquo;instar du d\u00e9pouillement originel, c&rsquo;est assez spontan\u00e9ment que la mise en sc\u00e8ne s&rsquo;est structur\u00e9e sur l&rsquo;essentiel\u00a0: pas de d\u00e9cor dans \u00abVivre\u00a0\u00bb et tr\u00e8s peu d&rsquo;accessoires\u00a0; simple \u00e9toffe blanche, calebasse, longue chevelure, chaussettes brod\u00e9es sont r\u00e9investis en de multiples fonctions et offrent des images suggestives et significatives.<\/span><\/span><\/span><\/p>\r\n\r\n\r\n\r\n<h2>\u00a0<\/h2>\r\n<h2>\u00a0<\/h2>\r\n<h2 class=\"has-background has-luminous-vivid-amber-background-color\"><span style=\"color: #000000;\"><strong>PRESSE<\/strong><\/span><\/h2>\r\n\r\n\r\n\r\n<p><strong>Critique Madinin&rsquo;Art<\/strong> : <a href=\"https:\/\/www.madinin-art.net\/vivre-dans-le-sillage-de-la-compagnie-caravan\/\">\u00ab\u00a0Vivre\u00a0\u00bb, dans le sillage de la Compagnie Car\u2019Avan<\/a><\/p>\r\n<p><a href=\"https:\/\/www.car-avan.fr\/wordpress\/wp-content\/uploads\/2024\/10\/Critique-Madinin-Art-J.Bailly-page-001-scaled.jpg\"><img loading=\"lazy\" decoding=\"async\" class=\"alignnone  wp-image-1877\" src=\"https:\/\/www.car-avan.fr\/wordpress\/wp-content\/uploads\/2024\/10\/Critique-Madinin-Art-J.Bailly-page-001-212x300.jpg\" alt=\"\" width=\"253\" height=\"358\" srcset=\"https:\/\/www.car-avan.fr\/wordpress\/wp-content\/uploads\/2024\/10\/Critique-Madinin-Art-J.Bailly-page-001-212x300.jpg 212w, https:\/\/www.car-avan.fr\/wordpress\/wp-content\/uploads\/2024\/10\/Critique-Madinin-Art-J.Bailly-page-001-724x1024.jpg 724w, https:\/\/www.car-avan.fr\/wordpress\/wp-content\/uploads\/2024\/10\/Critique-Madinin-Art-J.Bailly-page-001-768x1087.jpg 768w, https:\/\/www.car-avan.fr\/wordpress\/wp-content\/uploads\/2024\/10\/Critique-Madinin-Art-J.Bailly-page-001-1085x1536.jpg 1085w, https:\/\/www.car-avan.fr\/wordpress\/wp-content\/uploads\/2024\/10\/Critique-Madinin-Art-J.Bailly-page-001-1447x2048.jpg 1447w, https:\/\/www.car-avan.fr\/wordpress\/wp-content\/uploads\/2024\/10\/Critique-Madinin-Art-J.Bailly-page-001-scaled.jpg 1809w\" sizes=\"(max-width: 253px) 100vw, 253px\" \/><\/a><a href=\"https:\/\/www.car-avan.fr\/wordpress\/wp-content\/uploads\/2024\/10\/Critique-Madinin-Art-J.Bailly-page-002-scaled.jpg\"><img loading=\"lazy\" decoding=\"async\" class=\"alignnone size-medium wp-image-1878\" src=\"https:\/\/www.car-avan.fr\/wordpress\/wp-content\/uploads\/2024\/10\/Critique-Madinin-Art-J.Bailly-page-002-212x300.jpg\" alt=\"\" width=\"212\" height=\"300\" srcset=\"https:\/\/www.car-avan.fr\/wordpress\/wp-content\/uploads\/2024\/10\/Critique-Madinin-Art-J.Bailly-page-002-212x300.jpg 212w, https:\/\/www.car-avan.fr\/wordpress\/wp-content\/uploads\/2024\/10\/Critique-Madinin-Art-J.Bailly-page-002-724x1024.jpg 724w, https:\/\/www.car-avan.fr\/wordpress\/wp-content\/uploads\/2024\/10\/Critique-Madinin-Art-J.Bailly-page-002-768x1087.jpg 768w, https:\/\/www.car-avan.fr\/wordpress\/wp-content\/uploads\/2024\/10\/Critique-Madinin-Art-J.Bailly-page-002-1085x1536.jpg 1085w, https:\/\/www.car-avan.fr\/wordpress\/wp-content\/uploads\/2024\/10\/Critique-Madinin-Art-J.Bailly-page-002-1447x2048.jpg 1447w, https:\/\/www.car-avan.fr\/wordpress\/wp-content\/uploads\/2024\/10\/Critique-Madinin-Art-J.Bailly-page-002-scaled.jpg 1809w\" sizes=\"(max-width: 212px) 100vw, 212px\" \/><\/a><\/p>\r\n<p><a href=\"https:\/\/www.car-avan.fr\/wordpress\/wp-content\/uploads\/2024\/10\/La-Provence-Zao.bmp\"><img loading=\"lazy\" decoding=\"async\" class=\"alignnone size-full wp-image-1876\" src=\"https:\/\/www.car-avan.fr\/wordpress\/wp-content\/uploads\/2024\/10\/La-Provence-Zao.bmp\" alt=\"\" width=\"850\" height=\"1170\" \/><\/a><\/p>\r\n\r\n\r\n\r\n<p><strong>Lien Mondes francophones.com:\u00a0<\/strong><a href=\"https:\/\/mondesfrancophones.com\/tag\/laurence-couzinet-letchimy\/\">https:\/\/mondesfrancophones.com\/tag\/laurence-couzinet-letchimy\/<\/a><\/p>\r\n\r\n\r\n\r\n\r\n\r\n<p class=\"has-background has-luminous-vivid-amber-background-color\"><strong>DOSSIER DE PRESSE<\/strong> <em>sur demande<\/em><\/p>\r\n<p><a href=\"https:\/\/www.car-avan.fr\/wordpress\/wp-content\/uploads\/2024\/10\/salut-clin-doeil-scaled.jpg\"><img loading=\"lazy\" decoding=\"async\" class=\"alignnone size-medium wp-image-1903\" src=\"https:\/\/www.car-avan.fr\/wordpress\/wp-content\/uploads\/2024\/10\/salut-clin-doeil-300x225.jpg\" alt=\"\" width=\"300\" height=\"225\" srcset=\"https:\/\/www.car-avan.fr\/wordpress\/wp-content\/uploads\/2024\/10\/salut-clin-doeil-300x225.jpg 300w, https:\/\/www.car-avan.fr\/wordpress\/wp-content\/uploads\/2024\/10\/salut-clin-doeil-1024x768.jpg 1024w, https:\/\/www.car-avan.fr\/wordpress\/wp-content\/uploads\/2024\/10\/salut-clin-doeil-768x576.jpg 768w, https:\/\/www.car-avan.fr\/wordpress\/wp-content\/uploads\/2024\/10\/salut-clin-doeil-1536x1152.jpg 1536w, https:\/\/www.car-avan.fr\/wordpress\/wp-content\/uploads\/2024\/10\/salut-clin-doeil-2048x1536.jpg 2048w\" sizes=\"(max-width: 300px) 100vw, 300px\" \/><\/a><\/p>\r\n\r\n\r\n\r\n<p>&nbsp;<\/p>\r\n<p>&nbsp;<\/p>\r\n","protected":false},"excerpt":{"rendered":"<p>D\u00e8s leur premier souffle, l&rsquo;homme et la femme explorent le charivari de la vie : ses sensations, ses beaut\u00e9s, ses lois organiques, son spectre des possibles, ses constructions&#8230; Mus par l&rsquo;imp\u00e9ratif de satisfaire leurs besoins vitaux, ils usent de leurs &hellip; <a href=\"https:\/\/www.car-avan.fr\/?page_id=61\">Continuer la lecture <span class=\"meta-nav\">&rarr;<\/span><\/a><\/p>\n","protected":false},"author":1,"featured_media":0,"parent":6,"menu_order":0,"comment_status":"closed","ping_status":"closed","template":"","meta":{"footnotes":""},"_links":{"self":[{"href":"https:\/\/www.car-avan.fr\/index.php?rest_route=\/wp\/v2\/pages\/61"}],"collection":[{"href":"https:\/\/www.car-avan.fr\/index.php?rest_route=\/wp\/v2\/pages"}],"about":[{"href":"https:\/\/www.car-avan.fr\/index.php?rest_route=\/wp\/v2\/types\/page"}],"author":[{"embeddable":true,"href":"https:\/\/www.car-avan.fr\/index.php?rest_route=\/wp\/v2\/users\/1"}],"replies":[{"embeddable":true,"href":"https:\/\/www.car-avan.fr\/index.php?rest_route=%2Fwp%2Fv2%2Fcomments&post=61"}],"version-history":[{"count":51,"href":"https:\/\/www.car-avan.fr\/index.php?rest_route=\/wp\/v2\/pages\/61\/revisions"}],"predecessor-version":[{"id":1916,"href":"https:\/\/www.car-avan.fr\/index.php?rest_route=\/wp\/v2\/pages\/61\/revisions\/1916"}],"up":[{"embeddable":true,"href":"https:\/\/www.car-avan.fr\/index.php?rest_route=\/wp\/v2\/pages\/6"}],"wp:attachment":[{"href":"https:\/\/www.car-avan.fr\/index.php?rest_route=%2Fwp%2Fv2%2Fmedia&parent=61"}],"curies":[{"name":"wp","href":"https:\/\/api.w.org\/{rel}","templated":true}]}}